{"id":2697,"date":"2025-07-11T15:15:25","date_gmt":"2025-07-11T21:15:25","guid":{"rendered":"https:\/\/lacarrerapanamericana.com.mx\/?page_id=2697"},"modified":"2026-04-27T22:35:22","modified_gmt":"2026-04-28T04:35:22","slug":"mapa-de-ruta-lcp","status":"publish","type":"page","link":"https:\/\/lacarrerapanamericana.com.mx\/en\/mapa-de-ruta-lcp\/","title":{"rendered":"LCP Route Map"},"content":{"rendered":"<section class=\"wpb-content-wrapper\"><div class=\"vc_row wpb_row vc_row-fluid vc_custom_1755800527985\"><div class=\"wpb_column vc_column_container vc_col-sm-12 vc_col-lg-12 vc_col-md-12 vc_col-xs-12\"><div class=\"vc_column-inner\"><div class=\"wpb_wrapper\">\n\t<div  class=\"wpb_single_image wpb_content_element vc_align_center\">\n\t\t\n\t\t<figure class=\"wpb_wrapper vc_figure\">\n\t\t\t<div class=\"vc_single_image-wrapper   vc_box_border_grey\"><img fetchpriority=\"high\" decoding=\"async\" width=\"1280\" height=\"647\" src=\"https:\/\/lacarrerapanamericana.com.mx\/wp-content\/uploads\/2026\/04\/Mapa-Web-full.jpg\" class=\"vc_single_image-img attachment-full\" alt=\"\" title=\"Mapa-Web-full\" srcset=\"https:\/\/lacarrerapanamericana.com.mx\/wp-content\/uploads\/2026\/04\/Mapa-Web-full.jpg 1280w, https:\/\/lacarrerapanamericana.com.mx\/wp-content\/uploads\/2026\/04\/Mapa-Web-full-300x152.jpg 300w, https:\/\/lacarrerapanamericana.com.mx\/wp-content\/uploads\/2026\/04\/Mapa-Web-full-1024x518.jpg 1024w, https:\/\/lacarrerapanamericana.com.mx\/wp-content\/uploads\/2026\/04\/Mapa-Web-full-768x388.jpg 768w, https:\/\/lacarrerapanamericana.com.mx\/wp-content\/uploads\/2026\/04\/Mapa-Web-full-18x9.jpg 18w\" sizes=\"(max-width: 1280px) 100vw, 1280px\" \/><\/div>\n\t\t<\/figure>\n\t<\/div>\n<div class=\"vc_row wpb_row vc_inner vc_row-fluid vc_custom_1777350264460\"><div class=\"wpb_column vc_column_container vc_col-sm-6\"><div class=\"vc_column-inner\"><div class=\"wpb_wrapper\">\n\t<div  class=\"wpb_single_image wpb_content_element vc_align_center\">\n\t\t\n\t\t<figure class=\"wpb_wrapper vc_figure\">\n\t\t\t<a href=\"https:\/\/pueblosmagicos.mexicodesconocido.com.mx\/\" target=\"_blank\" class=\"vc_single_image-wrapper   vc_box_border_grey\" rel=\"noopener\"><img decoding=\"async\" width=\"300\" height=\"136\" src=\"https:\/\/lacarrerapanamericana.com.mx\/wp-content\/uploads\/2026\/04\/pueblos-magicos-logo-SF-300x136.png\" class=\"vc_single_image-img attachment-medium\" alt=\"\" title=\"pueblos-magicos-logo-SF\" srcset=\"https:\/\/lacarrerapanamericana.com.mx\/wp-content\/uploads\/2026\/04\/pueblos-magicos-logo-SF-300x136.png 300w, https:\/\/lacarrerapanamericana.com.mx\/wp-content\/uploads\/2026\/04\/pueblos-magicos-logo-SF-18x8.png 18w, https:\/\/lacarrerapanamericana.com.mx\/wp-content\/uploads\/2026\/04\/pueblos-magicos-logo-SF.png 563w\" sizes=\"(max-width: 300px) 100vw, 300px\" \/><\/a>\n\t\t<\/figure>\n\t<\/div>\n<\/div><\/div><\/div><div class=\"wpb_column vc_column_container vc_col-sm-6\"><div class=\"vc_column-inner\"><div class=\"wpb_wrapper\">\n\t<div  class=\"wpb_single_image wpb_content_element vc_align_center\">\n\t\t\n\t\t<figure class=\"wpb_wrapper vc_figure\">\n\t\t\t<a href=\"https:\/\/www.gob.mx\/sectur\" target=\"_blank\" class=\"vc_single_image-wrapper   vc_box_border_grey\" rel=\"noopener\"><img decoding=\"async\" width=\"300\" height=\"89\" src=\"https:\/\/lacarrerapanamericana.com.mx\/wp-content\/uploads\/2026\/04\/MEXICOESTADEMODA_LOGO-03-300x89.png\" class=\"vc_single_image-img attachment-medium\" alt=\"\" title=\"MEXICOESTADEMODA_LOGO-03\" srcset=\"https:\/\/lacarrerapanamericana.com.mx\/wp-content\/uploads\/2026\/04\/MEXICOESTADEMODA_LOGO-03-300x89.png 300w, https:\/\/lacarrerapanamericana.com.mx\/wp-content\/uploads\/2026\/04\/MEXICOESTADEMODA_LOGO-03-1024x305.png 1024w, https:\/\/lacarrerapanamericana.com.mx\/wp-content\/uploads\/2026\/04\/MEXICOESTADEMODA_LOGO-03-768x229.png 768w, https:\/\/lacarrerapanamericana.com.mx\/wp-content\/uploads\/2026\/04\/MEXICOESTADEMODA_LOGO-03-1536x457.png 1536w, https:\/\/lacarrerapanamericana.com.mx\/wp-content\/uploads\/2026\/04\/MEXICOESTADEMODA_LOGO-03-18x5.png 18w, https:\/\/lacarrerapanamericana.com.mx\/wp-content\/uploads\/2026\/04\/MEXICOESTADEMODA_LOGO-03.png 1921w\" sizes=\"(max-width: 300px) 100vw, 300px\" \/><\/a>\n\t\t<\/figure>\n\t<\/div>\n<\/div><\/div><\/div><\/div><\/div><\/div><\/div><\/div><div class=\"vc_row wpb_row vc_row-fluid vc_custom_1755800535514\"><div class=\"wpb_column vc_column_container vc_col-sm-12 vc_col-lg-12 vc_hidden-lg vc_col-md-12 vc_hidden-md vc_hidden-sm vc_col-xs-12 vc_hidden-xs\"><div class=\"vc_column-inner\"><div class=\"wpb_wrapper\">\n\t<div class=\"wpb_text_column wpb_content_element  vc_custom_1755798692697\" >\n\t\t<div class=\"wpb_wrapper\">\n\t\t\t<h1 style=\"text-align: center;\">STAGE BY STAGE ROUTE MAPS<\/h1>\n\n\t\t<\/div>\n\t<\/div>\n<\/div><\/div><\/div><\/div><div class=\"vc_row wpb_row vc_row-fluid\"><div class=\"wpb_column vc_column_container vc_col-sm-4 vc_hidden-lg vc_hidden-md vc_hidden-sm vc_hidden-xs\"><div class=\"vc_column-inner vc_custom_1777319339755\"><div class=\"wpb_wrapper\">\n\t<div  class=\"wpb_single_image wpb_content_element vc_align_center  wpb_animate_when_almost_visible wpb_bounceIn bounceIn\">\n\t\t\n\t\t<figure class=\"wpb_wrapper vc_figure\">\n\t\t\t<a href=\"https:\/\/lacarrerapanamericana.com.mx\/2025\/Etapas\/Etapa-0-Tuxtla-Guti\u00e9rrez.pdf\" target=\"_blank\" class=\"vc_single_image-wrapper   vc_box_border_grey\"><img loading=\"lazy\" decoding=\"async\" width=\"1024\" height=\"576\" src=\"https:\/\/lacarrerapanamericana.com.mx\/wp-content\/uploads\/2025\/08\/Chiapas3.jpg\" class=\"vc_single_image-img attachment-full\" alt=\"\" title=\"Chiapas3\" srcset=\"https:\/\/lacarrerapanamericana.com.mx\/wp-content\/uploads\/2025\/08\/Chiapas3.jpg 1024w, https:\/\/lacarrerapanamericana.com.mx\/wp-content\/uploads\/2025\/08\/Chiapas3-300x169.jpg 300w, https:\/\/lacarrerapanamericana.com.mx\/wp-content\/uploads\/2025\/08\/Chiapas3-768x432.jpg 768w, https:\/\/lacarrerapanamericana.com.mx\/wp-content\/uploads\/2025\/08\/Chiapas3-18x10.jpg 18w, https:\/\/lacarrerapanamericana.com.mx\/wp-content\/uploads\/2025\/08\/Chiapas3-1000x563.jpg 1000w\" sizes=\"(max-width: 1024px) 100vw, 1024px\" \/><\/a>\n\t\t<\/figure>\n\t<\/div>\n<\/div><\/div><\/div><div class=\"wpb_column vc_column_container vc_col-sm-4 vc_hidden-lg vc_hidden-md vc_hidden-sm vc_hidden-xs\"><div class=\"vc_column-inner vc_custom_1777319366472\"><div class=\"wpb_wrapper\">\n\t<div  class=\"wpb_single_image wpb_content_element vc_align_center  wpb_animate_when_almost_visible wpb_bounceIn bounceIn\">\n\t\t\n\t\t<figure class=\"wpb_wrapper vc_figure\">\n\t\t\t<a href=\"https:\/\/lacarrerapanamericana.com.mx\/2025\/Etapas\/Etapa-1-Chiapas-Oaxaca.pdf\" target=\"_blank\" class=\"vc_single_image-wrapper   vc_box_border_grey\"><img loading=\"lazy\" decoding=\"async\" width=\"1024\" height=\"576\" src=\"https:\/\/lacarrerapanamericana.com.mx\/wp-content\/uploads\/2025\/08\/Oaxaca3.jpg\" class=\"vc_single_image-img attachment-full\" alt=\"\" title=\"Oaxaca3\" srcset=\"https:\/\/lacarrerapanamericana.com.mx\/wp-content\/uploads\/2025\/08\/Oaxaca3.jpg 1024w, https:\/\/lacarrerapanamericana.com.mx\/wp-content\/uploads\/2025\/08\/Oaxaca3-300x169.jpg 300w, https:\/\/lacarrerapanamericana.com.mx\/wp-content\/uploads\/2025\/08\/Oaxaca3-768x432.jpg 768w, https:\/\/lacarrerapanamericana.com.mx\/wp-content\/uploads\/2025\/08\/Oaxaca3-18x10.jpg 18w, https:\/\/lacarrerapanamericana.com.mx\/wp-content\/uploads\/2025\/08\/Oaxaca3-1000x563.jpg 1000w\" sizes=\"(max-width: 1024px) 100vw, 1024px\" \/><\/a>\n\t\t<\/figure>\n\t<\/div>\n<\/div><\/div><\/div><div class=\"wpb_column vc_column_container vc_col-sm-4 vc_hidden-lg vc_hidden-md vc_hidden-sm vc_hidden-xs\"><div class=\"vc_column-inner vc_custom_1777319375049\"><div class=\"wpb_wrapper\">\n\t<div  class=\"wpb_single_image wpb_content_element vc_align_center  wpb_animate_when_almost_visible wpb_bounceIn bounceIn\">\n\t\t\n\t\t<figure class=\"wpb_wrapper vc_figure\">\n\t\t\t<a href=\"https:\/\/lacarrerapanamericana.com.mx\/2025\/Etapas\/Etapa-2-Oaxaca-Puebla.pdf\" target=\"_blank\" class=\"vc_single_image-wrapper   vc_box_border_grey\"><img loading=\"lazy\" decoding=\"async\" width=\"1024\" height=\"576\" src=\"https:\/\/lacarrerapanamericana.com.mx\/wp-content\/uploads\/2025\/09\/puebla3-3.jpg\" class=\"vc_single_image-img attachment-full\" alt=\"\" title=\"puebla3-3\" srcset=\"https:\/\/lacarrerapanamericana.com.mx\/wp-content\/uploads\/2025\/09\/puebla3-3.jpg 1024w, https:\/\/lacarrerapanamericana.com.mx\/wp-content\/uploads\/2025\/09\/puebla3-3-300x169.jpg 300w, https:\/\/lacarrerapanamericana.com.mx\/wp-content\/uploads\/2025\/09\/puebla3-3-768x432.jpg 768w, https:\/\/lacarrerapanamericana.com.mx\/wp-content\/uploads\/2025\/09\/puebla3-3-18x10.jpg 18w, https:\/\/lacarrerapanamericana.com.mx\/wp-content\/uploads\/2025\/09\/puebla3-3-1000x563.jpg 1000w\" sizes=\"(max-width: 1024px) 100vw, 1024px\" \/><\/a>\n\t\t<\/figure>\n\t<\/div>\n<\/div><\/div><\/div><\/div><div class=\"vc_row wpb_row vc_row-fluid\"><div class=\"wpb_column vc_column_container vc_col-sm-4 vc_hidden-lg vc_hidden-md vc_hidden-sm vc_hidden-xs\"><div class=\"vc_column-inner vc_custom_1777319384713\"><div class=\"wpb_wrapper\">\n\t<div  class=\"wpb_single_image wpb_content_element vc_align_center  wpb_animate_when_almost_visible wpb_bounceIn bounceIn\">\n\t\t\n\t\t<figure class=\"wpb_wrapper vc_figure\">\n\t\t\t<a href=\"https:\/\/lacarrerapanamericana.com.mx\/2025\/Etapas\/Etapa-3-Puebla-CDMX.pdf\" target=\"_blank\" class=\"vc_single_image-wrapper   vc_box_border_grey\"><img loading=\"lazy\" decoding=\"async\" width=\"1024\" height=\"576\" src=\"https:\/\/lacarrerapanamericana.com.mx\/wp-content\/uploads\/2025\/08\/CDMX3.jpg\" class=\"vc_single_image-img attachment-full\" alt=\"\" title=\"CDMX3\" srcset=\"https:\/\/lacarrerapanamericana.com.mx\/wp-content\/uploads\/2025\/08\/CDMX3.jpg 1024w, https:\/\/lacarrerapanamericana.com.mx\/wp-content\/uploads\/2025\/08\/CDMX3-300x169.jpg 300w, https:\/\/lacarrerapanamericana.com.mx\/wp-content\/uploads\/2025\/08\/CDMX3-768x432.jpg 768w, https:\/\/lacarrerapanamericana.com.mx\/wp-content\/uploads\/2025\/08\/CDMX3-18x10.jpg 18w, https:\/\/lacarrerapanamericana.com.mx\/wp-content\/uploads\/2025\/08\/CDMX3-1000x563.jpg 1000w\" sizes=\"(max-width: 1024px) 100vw, 1024px\" \/><\/a>\n\t\t<\/figure>\n\t<\/div>\n<\/div><\/div><\/div><div class=\"wpb_column vc_column_container vc_col-sm-4 vc_hidden-lg vc_hidden-md vc_hidden-sm vc_hidden-xs\"><div class=\"vc_column-inner vc_custom_1777319394672\"><div class=\"wpb_wrapper\">\n\t<div  class=\"wpb_single_image wpb_content_element vc_align_center  wpb_animate_when_almost_visible wpb_bounceIn bounceIn\">\n\t\t\n\t\t<figure class=\"wpb_wrapper vc_figure\">\n\t\t\t<a href=\"https:\/\/lacarrerapanamericana.com.mx\/2025\/Etapas\/Etapa-4-CDMX-Quer\u00e9taro.pdf\" target=\"_blank\" class=\"vc_single_image-wrapper   vc_box_border_grey\"><img loading=\"lazy\" decoding=\"async\" width=\"1024\" height=\"576\" src=\"https:\/\/lacarrerapanamericana.com.mx\/wp-content\/uploads\/2025\/08\/Queretaro3.jpg\" class=\"vc_single_image-img attachment-full\" alt=\"\" title=\"Queretaro3\" srcset=\"https:\/\/lacarrerapanamericana.com.mx\/wp-content\/uploads\/2025\/08\/Queretaro3.jpg 1024w, https:\/\/lacarrerapanamericana.com.mx\/wp-content\/uploads\/2025\/08\/Queretaro3-300x169.jpg 300w, https:\/\/lacarrerapanamericana.com.mx\/wp-content\/uploads\/2025\/08\/Queretaro3-768x432.jpg 768w, https:\/\/lacarrerapanamericana.com.mx\/wp-content\/uploads\/2025\/08\/Queretaro3-18x10.jpg 18w, https:\/\/lacarrerapanamericana.com.mx\/wp-content\/uploads\/2025\/08\/Queretaro3-1000x563.jpg 1000w\" sizes=\"(max-width: 1024px) 100vw, 1024px\" \/><\/a>\n\t\t<\/figure>\n\t<\/div>\n<\/div><\/div><\/div><div class=\"wpb_column vc_column_container vc_col-sm-4 vc_hidden-lg vc_hidden-md vc_hidden-sm vc_hidden-xs\"><div class=\"vc_column-inner vc_custom_1777319403388\"><div class=\"wpb_wrapper\">\n\t<div  class=\"wpb_single_image wpb_content_element vc_align_center  wpb_animate_when_almost_visible wpb_bounceIn bounceIn\">\n\t\t\n\t\t<figure class=\"wpb_wrapper vc_figure\">\n\t\t\t<a href=\"https:\/\/lacarrerapanamericana.com.mx\/2025\/Etapas\/Etapa-5-Quer\u00e9taro-Morelia.pdf\" target=\"_blank\" class=\"vc_single_image-wrapper   vc_box_border_grey\"><img loading=\"lazy\" decoding=\"async\" width=\"1024\" height=\"576\" src=\"https:\/\/lacarrerapanamericana.com.mx\/wp-content\/uploads\/2025\/08\/Michoacan3.jpg\" class=\"vc_single_image-img attachment-full\" alt=\"\" title=\"Michoacan3\" srcset=\"https:\/\/lacarrerapanamericana.com.mx\/wp-content\/uploads\/2025\/08\/Michoacan3.jpg 1024w, https:\/\/lacarrerapanamericana.com.mx\/wp-content\/uploads\/2025\/08\/Michoacan3-300x169.jpg 300w, https:\/\/lacarrerapanamericana.com.mx\/wp-content\/uploads\/2025\/08\/Michoacan3-768x432.jpg 768w, https:\/\/lacarrerapanamericana.com.mx\/wp-content\/uploads\/2025\/08\/Michoacan3-18x10.jpg 18w, https:\/\/lacarrerapanamericana.com.mx\/wp-content\/uploads\/2025\/08\/Michoacan3-1000x563.jpg 1000w\" sizes=\"(max-width: 1024px) 100vw, 1024px\" \/><\/a>\n\t\t<\/figure>\n\t<\/div>\n<\/div><\/div><\/div><\/div><div class=\"vc_row wpb_row vc_row-fluid\"><div class=\"wpb_column vc_column_container vc_col-sm-4 vc_hidden-lg vc_hidden-md vc_hidden-sm vc_hidden-xs\"><div class=\"vc_column-inner vc_custom_1777319411905\"><div class=\"wpb_wrapper\">\n\t<div  class=\"wpb_single_image wpb_content_element vc_align_center  wpb_animate_when_almost_visible wpb_bounceIn bounceIn\">\n\t\t\n\t\t<figure class=\"wpb_wrapper vc_figure\">\n\t\t\t<a href=\"https:\/\/lacarrerapanamericana.com.mx\/2025\/Etapas\/Etapa-6-Morelia-Guanajuato.pdf\" target=\"_blank\" class=\"vc_single_image-wrapper   vc_box_border_grey\"><img loading=\"lazy\" decoding=\"async\" width=\"1024\" height=\"576\" src=\"https:\/\/lacarrerapanamericana.com.mx\/wp-content\/uploads\/2025\/08\/Guanajuato3.jpg\" class=\"vc_single_image-img attachment-full\" alt=\"\" title=\"Guanajuato3\" srcset=\"https:\/\/lacarrerapanamericana.com.mx\/wp-content\/uploads\/2025\/08\/Guanajuato3.jpg 1024w, https:\/\/lacarrerapanamericana.com.mx\/wp-content\/uploads\/2025\/08\/Guanajuato3-300x169.jpg 300w, https:\/\/lacarrerapanamericana.com.mx\/wp-content\/uploads\/2025\/08\/Guanajuato3-768x432.jpg 768w, https:\/\/lacarrerapanamericana.com.mx\/wp-content\/uploads\/2025\/08\/Guanajuato3-18x10.jpg 18w, https:\/\/lacarrerapanamericana.com.mx\/wp-content\/uploads\/2025\/08\/Guanajuato3-1000x563.jpg 1000w\" sizes=\"(max-width: 1024px) 100vw, 1024px\" \/><\/a>\n\t\t<\/figure>\n\t<\/div>\n<\/div><\/div><\/div><div class=\"wpb_column vc_column_container vc_col-sm-4 vc_hidden-lg vc_hidden-md vc_hidden-sm vc_hidden-xs\"><div class=\"vc_column-inner vc_custom_1777319421563\"><div class=\"wpb_wrapper\">\n\t<div  class=\"wpb_single_image wpb_content_element vc_align_center  wpb_animate_when_almost_visible wpb_bounceIn bounceIn\">\n\t\t\n\t\t<figure class=\"wpb_wrapper vc_figure\">\n\t\t\t<a href=\"https:\/\/lacarrerapanamericana.com.mx\/2025\/Etapas\/Etapa-7-Guanajuato-San Luis-Potos\u00ed.pdf\" target=\"_blank\" class=\"vc_single_image-wrapper   vc_box_border_grey\"><img loading=\"lazy\" decoding=\"async\" width=\"1024\" height=\"576\" src=\"https:\/\/lacarrerapanamericana.com.mx\/wp-content\/uploads\/2025\/08\/SLP3.jpg\" class=\"vc_single_image-img attachment-full\" alt=\"\" title=\"SLP3\" srcset=\"https:\/\/lacarrerapanamericana.com.mx\/wp-content\/uploads\/2025\/08\/SLP3.jpg 1024w, https:\/\/lacarrerapanamericana.com.mx\/wp-content\/uploads\/2025\/08\/SLP3-300x169.jpg 300w, https:\/\/lacarrerapanamericana.com.mx\/wp-content\/uploads\/2025\/08\/SLP3-768x432.jpg 768w, https:\/\/lacarrerapanamericana.com.mx\/wp-content\/uploads\/2025\/08\/SLP3-18x10.jpg 18w, https:\/\/lacarrerapanamericana.com.mx\/wp-content\/uploads\/2025\/08\/SLP3-1000x563.jpg 1000w\" sizes=\"(max-width: 1024px) 100vw, 1024px\" \/><\/a>\n\t\t<\/figure>\n\t<\/div>\n<\/div><\/div><\/div><div class=\"wpb_column vc_column_container vc_col-sm-4 vc_hidden-lg vc_hidden-md vc_hidden-sm vc_hidden-xs\"><div class=\"vc_column-inner vc_custom_1777319432672\"><div class=\"wpb_wrapper\">\n\t<div  class=\"wpb_single_image wpb_content_element vc_align_center  wpb_animate_when_almost_visible wpb_bounceIn bounceIn\">\n\t\t\n\t\t<figure class=\"wpb_wrapper vc_figure\">\n\t\t\t<a href=\"https:\/\/lacarrerapanamericana.com.mx\/2025\/Etapas\/Etapa-8-San-Luis-Potos\u00ed-Zacatecas.pdf\" target=\"_blank\" class=\"vc_single_image-wrapper   vc_box_border_grey\"><img loading=\"lazy\" decoding=\"async\" width=\"1024\" height=\"576\" src=\"https:\/\/lacarrerapanamericana.com.mx\/wp-content\/uploads\/2025\/08\/Zacatecas3.jpg\" class=\"vc_single_image-img attachment-full\" alt=\"\" title=\"Zacatecas3\" srcset=\"https:\/\/lacarrerapanamericana.com.mx\/wp-content\/uploads\/2025\/08\/Zacatecas3.jpg 1024w, https:\/\/lacarrerapanamericana.com.mx\/wp-content\/uploads\/2025\/08\/Zacatecas3-300x169.jpg 300w, https:\/\/lacarrerapanamericana.com.mx\/wp-content\/uploads\/2025\/08\/Zacatecas3-768x432.jpg 768w, https:\/\/lacarrerapanamericana.com.mx\/wp-content\/uploads\/2025\/08\/Zacatecas3-18x10.jpg 18w, https:\/\/lacarrerapanamericana.com.mx\/wp-content\/uploads\/2025\/08\/Zacatecas3-1000x563.jpg 1000w\" sizes=\"(max-width: 1024px) 100vw, 1024px\" \/><\/a>\n\t\t<\/figure>\n\t<\/div>\n<\/div><\/div><\/div><\/div><div class=\"vc_row wpb_row vc_row-fluid vc_custom_1755800631068\"><div class=\"wpb_column vc_column_container vc_col-sm-12\"><div class=\"vc_column-inner vc_custom_1755799005583\"><div class=\"wpb_wrapper\">\n\t<div class=\"wpb_text_column wpb_content_element\" >\n\t\t<div class=\"wpb_wrapper\">\n\t\t\t<p style=\"text-align: center;\"><span style=\"font-size: 12px;\"><em>*Speed \u200b\u200bsections and schedules may be subject to last-minute changes; please check this page regularly for the latest version.<\/em><\/span><\/p>\n\n\t\t<\/div>\n\t<\/div>\n<div class=\"vc_empty_space\"   style=\"height: 5vh\"><span class=\"vc_empty_space_inner\"><\/span><\/div><\/div><\/div><\/div><\/div>\n<\/section>","protected":false},"excerpt":{"rendered":"MAPAS DE RUTA POR ETAPA *Las secciones de velocidad y los horarios pueden estar sujetas a cambios de \u00faltimo momento, consulta regularmente esta p\u00e1gina para tener la \u00faltima versi\u00f3n.","protected":false},"author":1,"featured_media":0,"parent":0,"menu_order":0,"comment_status":"closed","ping_status":"closed","template":"","meta":{"footnotes":""},"class_list":["post-2697","page","type-page","status-publish","hentry"],"_links":{"self":[{"href":"https:\/\/lacarrerapanamericana.com.mx\/en\/wp-json\/wp\/v2\/pages\/2697","targetHints":{"allow":["GET"]}}],"collection":[{"href":"https:\/\/lacarrerapanamericana.com.mx\/en\/wp-json\/wp\/v2\/pages"}],"about":[{"href":"https:\/\/lacarrerapanamericana.com.mx\/en\/wp-json\/wp\/v2\/types\/page"}],"author":[{"embeddable":true,"href":"https:\/\/lacarrerapanamericana.com.mx\/en\/wp-json\/wp\/v2\/users\/1"}],"replies":[{"embeddable":true,"href":"https:\/\/lacarrerapanamericana.com.mx\/en\/wp-json\/wp\/v2\/comments?post=2697"}],"version-history":[{"count":10,"href":"https:\/\/lacarrerapanamericana.com.mx\/en\/wp-json\/wp\/v2\/pages\/2697\/revisions"}],"predecessor-version":[{"id":46252,"href":"https:\/\/lacarrerapanamericana.com.mx\/en\/wp-json\/wp\/v2\/pages\/2697\/revisions\/46252"}],"wp:attachment":[{"href":"https:\/\/lacarrerapanamericana.com.mx\/en\/wp-json\/wp\/v2\/media?parent=2697"}],"curies":[{"name":"wp","href":"https:\/\/api.w.org\/{rel}","templated":true}]}}